{"id":461,"date":"2021-02-02T09:19:59","date_gmt":"2021-02-02T09:19:59","guid":{"rendered":"http:\/\/http:\/\/geomuseu.upc.edu\/\/?page_id=461"},"modified":"2021-09-08T07:22:06","modified_gmt":"2021-09-08T07:22:06","slug":"461-2","status":"publish","type":"page","link":"https:\/\/geomuseu.upc.edu\/index.php\/es\/461-2\/","title":{"rendered":"MUSEO"},"content":{"rendered":"\n<p><strong>HISTORIA<\/strong><\/p>\n\n\n\n<p>El Museo de Geolog\u00eda \u201cValent\u00ed Masachs\u201d de la Universitat Polit\u00e8cnica de Catalunya est\u00e1 situado en l\u2019Escola Polit\u00e8cnica Superior d&#8217;Enginyeria de Manresa. Fue fundado el a\u00f1o 1980, y el &nbsp;Dr. Valent\u00ed Masachs Alavedra &nbsp;fue su primer director. Con su colecci\u00f3n particular de f\u00f3siles y minerales junto con las muestras de minerales recogidas por miembros del museo, se montaron las primeras vitrinas de mineralog\u00eda y paleontolog\u00eda con que se inaugur\u00f3.<\/p>\n\n\n\n<p>El a\u00f1o 1993, se incorporaron las vitrinas de aplicaciones de los minerales que marcaron una nueva etapa con el ofrecimiento docente del museo a alumnos y profesores de todos los niveles de ense\u00f1anza, completado el a\u00f1o 1995 con nuevos expositores sobre la utilidad de los materiales p\u00e9treos.<\/p>\n\n\n\n<p>A mediados de 2007, el museo abri\u00f3 un acceso directo a nivel de la calle Bernat de Cabrera, que nos lleva al espacio del museo denominado &#8220;\u00c1rea de Reflexi\u00f3n&#8221;, donde el alumno y el visitante pueden aprender y reflexionar sobre: La Tierra se agota; Radioactividad: Pros y contras; Minerales y Personas.<\/p>\n\n\n\n<p>Actualmente el museo dispone de un fondo de unos 5000 minerales, unas 2000 rocas y unos 3000 f\u00f3siles. Este fondo se ha recogido principalmente con muestras buscadas por los mismos miembros del equipo del museo, donaci\u00f3n de colecciones particulares, intercambios y algunas adquisiciones.<\/p>\n\n\n\n<p><strong>OBJETIVOS<\/strong><\/p>\n\n\n\n<p>El objetivo principal del Museo es ofrecer a estudiantes, profesores y p\u00fablico en general un aula abierta para todos, en frecuente renovaci\u00f3n, donde se puede aprender todo lo relacionado con el mundo de los minerales, las rocas y los f\u00f3siles, con sus aplicaciones, su formaci\u00f3n y caracter\u00edsticas, ense\u00f1ando al mismo tiempo el saber compartir la utilidad de estos materiales con el respeto a la naturaleza que nos los proporciona y el medio ambiente que los rodea.<\/p>\n\n\n\n<p>El segundo objetivo importante es mantener y aumentar sus colecciones y utilizarlas para la investigaci\u00f3n y su divulgaci\u00f3n.<\/p>\n\n\n\n<p>El tercero, que pueda ser una herramienta \u00fatil a profesionales y particulares para consultas v\u00eda web, por ejemplo sobre: cual puede ser la mejor roca para poner en un edificio o lugar determinado, o las caracter\u00edsticas de un mineral o f\u00f3sil que tengamos en la colecci\u00f3n, o bien personalmente hacer consultas particulares o pedir estudios sobre temas geol\u00f3gicos, geol\u00f3gico-ambientales y gemol\u00f3gicos (piedras preciosas).<\/p>\n\n\n\n<p>El cuarto, es hacer que el museo pase a ser una plataforma de difusi\u00f3n de la investigaci\u00f3n que se lleva acabo en nuestra universidad, como: hormig\u00f3n para fabricar en la Luna sin agua, metales con memoria para odontolog\u00eda, etc.&nbsp;<\/p>\n\n\n\n<p><strong>EL EQUIPO HUMANO<\/strong><\/p>\n\n\n\n<p>El equipo del museo est\u00e1 formado por:<\/p>\n\n\n\n<ul class=\"wp-block-list\"><li><strong>Directora:<\/strong>\u00a0Pura Alfonso Abella. Ge\u00f2loga y Profesora Titular. 93 877 7292.\u00a0<a href=\"mailto:maria.pura.alfonso@upc.edu\" data-type=\"mailto\" data-id=\"mailto:maria.pura.alfonso@upc.edu\">maria.pura.alfonso@upc.edu<\/a><\/li><li><strong>Conservadores:<\/strong><ul><li><strong>F\u00f3siles<\/strong>: Josep Biosca i Munts. (Colaborador). Ingeniero T\u00e9cnico Industrial. 938777241.\u00a0<a href=\"mailto:josep.biosca@upc.edu\">josep.biosca@upc.edu<\/a>\u00a0<\/li><li><strong>Minerales<\/strong>: Nor Sidki Rius (Conservadora). Ingeniera de Minas y Doctoranda. 93 8777241. <a href=\"mailto:nor.sidki@upc.edu\">nor.sidki@upc.edu<\/a> Joaquim Sanz i Balagu\u00e9 (Colaborador). Ingeniero T\u00e9cnico de Minas y Gem\u00f3logo. 938777241.\u00a0<a href=\"mailto:qsanz@epsem.upc.edu\">joaquim.sanz@upc.edu<\/a><\/li><\/ul><ul><li><strong>Rocas<\/strong>:\u00a0David Parcerisa Duocastella. Ge\u00f3logo y Profesor agregado. 93 877 7291.\u00a0<a href=\"mailto:david.parcerisa@upc.edu\">david.parcerisa@upc.edu<\/a><\/li><li><strong>Actividades exteriores:\u00a0<\/strong>Josep M. Mata-Perell\u00f3 (Colaborador). Ge\u00f3logo. 93 877 7241.\u00a0<a href=\"mailto:rocpetrus@gmail.com\">rocpetrus@gmail.com<\/a><\/li><\/ul><\/li><li>\u00a0<strong>Becario\/aria:<\/strong>\u00a093 877 7241.\u00a0<a href=\"mailto:geomuseu@upc.edu\">geomuseu@upc.edu<\/a><\/li><\/ul>\n\n\n\n<p><\/p>\n","protected":false},"excerpt":{"rendered":"<p>HISTORIA El Museo de Geolog\u00eda \u201cValent\u00ed Masachs\u201d de la Universitat Polit\u00e8cnica de Catalunya est\u00e1 situado&#46;&#46;&#46;<\/p>\n","protected":false},"author":1,"featured_media":0,"parent":0,"menu_order":0,"comment_status":"closed","ping_status":"closed","template":"","meta":{"footnotes":""},"class_list":["post-461","page","type-page","status-publish","hentry"],"_links":{"self":[{"href":"https:\/\/geomuseu.upc.edu\/index.php\/wp-json\/wp\/v2\/pages\/461","targetHints":{"allow":["GET"]}}],"collection":[{"href":"https:\/\/geomuseu.upc.edu\/index.php\/wp-json\/wp\/v2\/pages"}],"about":[{"href":"https:\/\/geomuseu.upc.edu\/index.php\/wp-json\/wp\/v2\/types\/page"}],"author":[{"embeddable":true,"href":"https:\/\/geomuseu.upc.edu\/index.php\/wp-json\/wp\/v2\/users\/1"}],"replies":[{"embeddable":true,"href":"https:\/\/geomuseu.upc.edu\/index.php\/wp-json\/wp\/v2\/comments?post=461"}],"version-history":[{"count":5,"href":"https:\/\/geomuseu.upc.edu\/index.php\/wp-json\/wp\/v2\/pages\/461\/revisions"}],"predecessor-version":[{"id":1775,"href":"https:\/\/geomuseu.upc.edu\/index.php\/wp-json\/wp\/v2\/pages\/461\/revisions\/1775"}],"wp:attachment":[{"href":"https:\/\/geomuseu.upc.edu\/index.php\/wp-json\/wp\/v2\/media?parent=461"}],"curies":[{"name":"wp","href":"https:\/\/api.w.org\/{rel}","templated":true}]}}