{"id":131,"date":"2021-01-22T09:01:33","date_gmt":"2021-01-22T09:01:33","guid":{"rendered":"http:\/\/http:\/\/geomuseu.upc.edu\/\/?page_id=131"},"modified":"2021-09-06T09:02:41","modified_gmt":"2021-09-06T09:02:41","slug":"museu","status":"publish","type":"page","link":"https:\/\/geomuseu.upc.edu\/index.php\/museu\/","title":{"rendered":"MUSEU"},"content":{"rendered":"\n<p><strong>HIST\u00d2RIA<\/strong><\/p>\n\n\n\n<p>El Museu de Geologia \u201cValent\u00ed Masachs\u201d de la Universitat Polit\u00e8cnica de Catalunya est\u00e0 situat a l\u2019Escola Polit\u00e8cnica Superior d\u2019Enginyeria de Manresa. Fou fundat l\u2019any 1980, i el &nbsp;Dr. Valent\u00ed Masachs Alavedra &nbsp;en va ser el seu primer director. Amb la seva col\u00b7lecci\u00f3 particular de f\u00f2ssils i minerals junt amb les mostres de minerals recollides pels mateixos membres del museu, es van muntar les primeres vitrines de mineralogia i paleontologia amb qu\u00e8 es va inaugurar.<\/p>\n\n\n\n<p>L\u2019any 1993, es van incorporar les vitrines d\u2019aplicacions dels minerals que van marcar una nova etapa en l\u2019oferiment docent del museu a alumnes i professors de tots els nivells d\u2019ensenyament, completat l\u2019any 1995 amb nous expositors sobre la utilitat dels materials petris.<\/p>\n\n\n\n<p>A mitjans de 2007, el museu va obrir un acc\u00e9s directe a nivell del carrer Bernat de Cabrera, que d\u00f3na a l\u2019espai del museu anomenat \u201c\u00c0rea de Reflexi\u00f3\u201d, on l\u2019alumne i el visitant podran aprendre i reflexionar sobre: La Terra s\u2019esgota; Radioactivitat: Pros i Contres; Minerals i Persones.<\/p>\n\n\n\n<p>Actualment el museu disposa d\u2019un fons d\u2019uns 5000 minerals, unes 2000 roques i uns 3000 f\u00f2ssils. Aquest fons s\u2019ha recollit principalment amb mostres buscades pels mateixos membres de l\u2019equip del museu, col\u00b7leccions particulars donades, intercanvis &nbsp;i algunes adquisicions.<\/p>\n\n\n\n<p><strong>OBJECTIUS<\/strong><\/p>\n\n\n\n<p>L\u2019objectiu principal del Museu \u00e9s oferir a estudiants, professors i p\u00fablic en general una aula oberta per a tots, en freq\u00fcent renovaci\u00f3, on es pugui aprendre tot el relacionat amb el m\u00f3n dels minerals, les roques i els f\u00f2ssils, amb les seves aplicacions, la seva formaci\u00f3 i caracter\u00edstiques, tot ensenyant a la vegada el saber compartir la utilitat d\u2019aquests materials amb el respecte a la natura que ens els proporciona i el medi ambient que els envolta.<\/p>\n\n\n\n<p>El segon objectiu important \u00e9s el mantenir i augmentar les seves col\u00b7leccions i utilitzar-les per a la recerca i la seva divulgaci\u00f3.<\/p>\n\n\n\n<p>El tercer, \u00e9s esdevenir una eina \u00fatil a professionals i particulars perqu\u00e8 puguin fer consultes via web, per exemple sobre: quina pot ser la millor roca per posar en un edifici o indret determinat, o les caracter\u00edstiques d\u2019un mineral o f\u00f2ssil que tinguem a la col\u00b7lecci\u00f3, o b\u00e9 personalment fer consultes particulars o demanar estudis sobre temes geol\u00f2gics, geol\u00f2gico-ambientals i gemmol\u00f2gics (pedres precioses).<\/p>\n\n\n\n<p>El quart \u00e9s fer que el museu esdevingui una plataforma de difusi\u00f3 de la recerca que es du a terme a la nostra universitat.<\/p>\n\n\n\n<p><strong>L\u2019EQUIP HUM\u00c0<\/strong><\/p>\n\n\n\n<p>L\u2019equip del Museu est\u00e0 format per:<\/p>\n\n\n\n<ul class=\"wp-block-list\"><li><strong>Directora:<\/strong>\u00a0Pura Alfonso Abella. Ge\u00f2loga i Professora Titular. 93 8777292.\u00a0<a href=\"mailto:maria.pura.alfonso@upc.edu\">maria.pura.alfonso@upc.edu<\/a><\/li><li><strong>Conservadors:<\/strong><ul><li><strong>F\u00f2ssils<\/strong>: Josep Biosca i Munts. (Col\u00b7laborador). Enginyer T\u00e8cnic Industrial. 93 8777241.\u00a0<a href=\"mailto:josep.biosca@upc.edu\">josep.biosca@upc.edu<\/a>\u00a0<\/li><li><strong>Minerals<\/strong>: Nor Sidki Rius (Conservadora). Enginyera de Mines i Doctoranda. 93 8777241. <a href=\"mailto:nor.sidki@upc.edu\">nor.sidki@upc.edu<\/a> Joaquim Sanz i Balagu\u00e9 (Col\u00b7laborador). Enginyer T\u00e8cnic de Mines i Gemm\u00f2leg. 938777241.\u00a0<a href=\"mailto:joaquim.sanz@upc.edu\">joaquim.sanz@upc.edu<\/a><\/li><li><strong>Roques<\/strong>: David Parcerisa Duocastella. Ge\u00f2leg i Professor agregat. 93 8777291.\u00a0<a href=\"mailto:david.parcerisa@upc.edu\">david.parcerisa@upc.edu<\/a><\/li><li><strong>Activitats exteriors:\u00a0<\/strong>Josep M. Mata-Perell\u00f3 (Col\u00b7laborador). Ge\u00f2leg. 93 8777241.\u00a0<a href=\"mailto:rocpetrus@gmail.com\">rocpetrus@gmail.com<\/a><\/li><\/ul><\/li><li>\u00a0<strong>Becari\/\u00e0ria:<\/strong>\u00a093 8777241.\u00a0<a href=\"mailto:geomuseu@upc.edu\">geomuseu@upc.edu<\/a><\/li><\/ul>\n\n\n\n<p><\/p>\n","protected":false},"excerpt":{"rendered":"<p>HIST\u00d2RIA El Museu de Geologia \u201cValent\u00ed Masachs\u201d de la Universitat Polit\u00e8cnica de Catalunya est\u00e0 situat&#46;&#46;&#46;<\/p>\n","protected":false},"author":1,"featured_media":0,"parent":0,"menu_order":0,"comment_status":"closed","ping_status":"closed","template":"","meta":{"footnotes":""},"class_list":["post-131","page","type-page","status-publish","hentry"],"_links":{"self":[{"href":"https:\/\/geomuseu.upc.edu\/index.php\/wp-json\/wp\/v2\/pages\/131","targetHints":{"allow":["GET"]}}],"collection":[{"href":"https:\/\/geomuseu.upc.edu\/index.php\/wp-json\/wp\/v2\/pages"}],"about":[{"href":"https:\/\/geomuseu.upc.edu\/index.php\/wp-json\/wp\/v2\/types\/page"}],"author":[{"embeddable":true,"href":"https:\/\/geomuseu.upc.edu\/index.php\/wp-json\/wp\/v2\/users\/1"}],"replies":[{"embeddable":true,"href":"https:\/\/geomuseu.upc.edu\/index.php\/wp-json\/wp\/v2\/comments?post=131"}],"version-history":[{"count":5,"href":"https:\/\/geomuseu.upc.edu\/index.php\/wp-json\/wp\/v2\/pages\/131\/revisions"}],"predecessor-version":[{"id":1768,"href":"https:\/\/geomuseu.upc.edu\/index.php\/wp-json\/wp\/v2\/pages\/131\/revisions\/1768"}],"wp:attachment":[{"href":"https:\/\/geomuseu.upc.edu\/index.php\/wp-json\/wp\/v2\/media?parent=131"}],"curies":[{"name":"wp","href":"https:\/\/api.w.org\/{rel}","templated":true}]}}